{"id":654,"date":"2012-08-21T22:35:57","date_gmt":"2012-08-21T20:35:57","guid":{"rendered":"http:\/\/www.pfarregersthof.at\/komm\/?page_id=654"},"modified":"2025-12-10T20:19:25","modified_gmt":"2025-12-10T19:19:25","slug":"caritas","status":"publish","type":"page","link":"https:\/\/www.pfarregersthof.at\/komm\/pfarre-von-a-z\/angebote\/caritas\/","title":{"rendered":"Caritas"},"content":{"rendered":"<h1>Caritas der Pfarre Gersthof<\/h1>\n<p>Die <strong>Pfarr-Caritas bietet Informationen, Hifestellung und Unterst\u00fctzung<\/strong> in folgenden Bereichen:<\/p>\n<ul>\n<li>Unterst\u00fctzung von Familien\/Personen in Not<\/li>\n<li>Zusammenarbeit mit dem f\u00fcr den 18. Bezirk zust\u00e4ndigen Jugendamt<\/li>\n<li>Weihnachtspaketaktion \u201eLeere Tische zu Weihnachten, lasst sie uns decken\u201c Organisieren und verteilen von Geschenken der Gemeindemitglieder, Schulen und des Caritasteams f\u00fcr bed\u00fcrftige Familien<\/li>\n<li>\u00dcberbringen von Geburtstagsw\u00fcnschen<\/li>\n<li>Einladungen (viertelj\u00e4hrlich) zu Jubilarenempfang<\/li>\n<li>Zweimal pro Monat Begleitung eines Priesters unserer Pfarrgemeinde zu den<\/li>\n<li>Gottesdiensten im Pensionistenwohnhaus T\u00fcrkenschanze<\/li>\n<li>Besuche bei ehemaligen Gersthofern in Pflege- und Pensionistenheimen<\/li>\n<li>Hilfe und Unterst\u00fctzung in Trauerf\u00e4llen und Abhaltung des einmal im Monat stattfindenden Trauercafes<\/li>\n<li>Einbeziehung von Jugendlichen in die Caritasarbeit<\/li>\n<li>Unter dem Titel \u201e60plus\u201c einmal pro Monat einen Seniorennachmittag<\/li>\n<li>Veranstaltung des pfarrlichen&nbsp; \u201eLeopoldiheurigen\u201c rund um den 15.November<\/li>\n<li>Beteiligung am im Fr\u00fchjahr stattfindenden \u201ePfarrfest\u201c<\/li>\n<li>Beteiligung an diversen Aktionen der Caritas der Erzdi\u00f6zese<\/li>\n<li>Unterst\u00fctzung von \u201eHaus Mirijam\u201c und \u201eRupert-Meyer-Haus\u201c durch ein \u201etherapeutisches Taschengeld\u201c<\/li>\n<li>\u00d6ffentlichkeitsarbeit<\/li>\n<\/ul>\n<p>Wenn jemand diese Hilfe in Anspruch nehmen m\u00f6chte, bzw. eine Auskunft ben\u00f6tigt, kann das \u00fcber die Tel.Nr. 0664\/5423979 Terminvereinbarung\/erfolgen.<\/p>\n<p style=\"text-align: center;\" align=\"center\"><strong>Unsere Ziele<\/strong><\/p>\n<p>Glaube und Hoffnung einer christlichen Gemeinde muss sich in t\u00e4tiger Liebe auswirken:<\/p>\n<ul>\n<li>Die Pfarrcaritas ist f\u00fcr alle Altersgruppen da, und bem\u00fcht sich, bei Notf\u00e4llen wirkungsvoll nach Ma\u00dfgabe der M\u00f6glichkeiten zu helfen<\/li>\n<li>Die Pfarrcaritas soll sich um Katholiken genauso wie um Nichtkatholiken bem\u00fchen<\/li>\n<li>Grunds\u00e4tzlich sind finanzielle Zuwendungen nur dann zu gew\u00e4hren, wenn die Klientin\/ der Klient im Pfarrgebiet wohnhaft sind\/oder waren. Erstes Ziel: Hilfe zur Selbsthilfe<\/li>\n<li>Prim\u00e4r sollen nicht die materiellen Zuwendungen die Hilfe ausmachen, sondern vor allem Zeit, Gespr\u00e4chs- und Hilfsbereitschaft<\/li>\n<li>Die Pfarrcaritas kennt ihre Grenzen, soll aber auch versuchen, sie zu \u00fcberwinden. Caritas braucht den Mut neue Wege zu gehen<\/li>\n<li>Die \u00dcberpr\u00fcfung der finanziellen Gebarung wird j\u00e4hrlich durch einen unabh\u00e4ngigen Pr\u00fcfer durchgef\u00fchrt<\/li>\n<\/ul>\n<p>&nbsp;<\/p>\n<p align=\"center\"><strong>Die Mitglieder des Caritas-Teams<\/strong><\/p>\n<p>Derzeit umfasst das Team 17 Personen unterschiedlicher Altersgruppen, die sich alle ehrenamtlich in den Dienst am N\u00e4chsten zur Verf\u00fcgung stellen.<\/p>\n<p>Die caritativen Aktivit\u00e4ten sind so gestaltet, dass m\u00f6glichst viele, nach ihren M\u00f6glichkeiten daran teilnehmen k\u00f6nnen.<\/p>\n<p>Nur durch die gro\u00dfe Anzahl an Mitgliedern ist es m\u00f6glich, so viele Aufgaben zu \u00fcbernehmen.<\/p>\n<h3>Ansprechperson<\/h3>\n<p>Maria Kissich, Leiterin des Caritas-Teams<br \/>\nE-Mail: <a class=\"email-address link-standard\" href=\"https:\/\/mein.ionos.de\/email-account-details\/forward\/8892031102\">caritasteam@pfarregersthof.at<\/a><br \/>\nCaritastelefon: +43 664 5423979<\/p>\n<h3>Spenden<\/h3>\n<p>Spenden an das Caritasteam mittels Bank\u00fcberweisung:<br \/>\nEmpf\u00e4nger: Pfarre Gersthof-Caritas<br \/>\nIBAN: AT 86 4300 0428 6137 0007 (Volksbank)<\/p>\n<p>&nbsp;<\/p>\n","protected":false},"excerpt":{"rendered":"<p>Caritas der Pfarre Gersthof Die Pfarr-Caritas bietet Informationen, Hifestellung und Unterst\u00fctzung in folgenden Bereichen: Unterst\u00fctzung von Familien\/Personen in Not Zusammenarbeit mit dem f\u00fcr den 18. Bezirk zust\u00e4ndigen Jugendamt Weihnachtspaketaktion \u201eLeere Tische zu Weihnachten, lasst sie uns decken\u201c Organisieren und verteilen von Geschenken der Gemeindemitglieder, Schulen und des Caritasteams f\u00fcr bed\u00fcrftige Familien \u00dcberbringen von Geburtstagsw\u00fcnschen Einladungen [&hellip;]<\/p>\n","protected":false},"author":2,"featured_media":0,"parent":611,"menu_order":0,"comment_status":"open","ping_status":"open","template":"","meta":{"ngg_post_thumbnail":0,"footnotes":""},"class_list":["post-654","page","type-page","status-publish"],"publishpress_future_action":{"enabled":false,"date":"2026-05-09 11:25:09","action":"change-status","newStatus":"draft","terms":[],"taxonomy":"category","extraData":[]},"publishpress_future_workflow_manual_trigger":{"enabledWorkflows":[]},"_links":{"self":[{"href":"https:\/\/www.pfarregersthof.at\/komm\/wp-json\/wp\/v2\/pages\/654","targetHints":{"allow":["GET"]}}],"collection":[{"href":"https:\/\/www.pfarregersthof.at\/komm\/wp-json\/wp\/v2\/pages"}],"about":[{"href":"https:\/\/www.pfarregersthof.at\/komm\/wp-json\/wp\/v2\/types\/page"}],"author":[{"embeddable":true,"href":"https:\/\/www.pfarregersthof.at\/komm\/wp-json\/wp\/v2\/users\/2"}],"replies":[{"embeddable":true,"href":"https:\/\/www.pfarregersthof.at\/komm\/wp-json\/wp\/v2\/comments?post=654"}],"version-history":[{"count":8,"href":"https:\/\/www.pfarregersthof.at\/komm\/wp-json\/wp\/v2\/pages\/654\/revisions"}],"predecessor-version":[{"id":19476,"href":"https:\/\/www.pfarregersthof.at\/komm\/wp-json\/wp\/v2\/pages\/654\/revisions\/19476"}],"up":[{"embeddable":true,"href":"https:\/\/www.pfarregersthof.at\/komm\/wp-json\/wp\/v2\/pages\/611"}],"wp:attachment":[{"href":"https:\/\/www.pfarregersthof.at\/komm\/wp-json\/wp\/v2\/media?parent=654"}],"curies":[{"name":"wp","href":"https:\/\/api.w.org\/{rel}","templated":true}]}}