{"id":7397,"date":"2020-09-28T18:35:15","date_gmt":"2020-09-28T17:35:15","guid":{"rendered":"https:\/\/www.pfarregersthof.at\/komm\/?page_id=7397"},"modified":"2024-07-06T12:45:07","modified_gmt":"2024-07-06T10:45:07","slug":"archiv","status":"publish","type":"page","link":"https:\/\/www.pfarregersthof.at\/komm\/termine\/archiv\/","title":{"rendered":"Archiv vergangener Termine"},"content":{"rendered":"\n<p>Hier sind vergangene Termine zu finden, die j\u00fcngsten stehen oben.<br>Die Liste erstreckt sich \u00fcber mehrerer Seiten, ganz unten links kann man weiterbl\u00e4ttern.<br><sub>[ Weitere \u00dcbersichten: <a href=\"\/komm\/termine\/aktuelle\">Aktuelle Termine<\/a> &#8211; <a href=\"\/komm\/termine\/alle-geplanten\/\">Alle geplanten Termine<\/a> &#8211; <a href=\"\/komm\/termine\/\">Auswahl aller Terminlisten<\/a> ]<\/sub><\/p>\n<p style=\"font-size: smaller;\">Die Termine werden so angezeigt: das Datum des Tages, die Uhrzeit des Beginns. Rechts davon ein farbiger Kasten f\u00fcr die Kategorie des Ereignisses; ein Klick darauf zeigt mehr Termine dieser Kategorie. Rechts davon den Titel des Ereignisses und den Ort, an dem es stattfindet. Wenn der Titel Blau angezeigt wird: auf ihn klicken, dann \u00f6ffnet sich eine Seite mit Details des Ereignisses.<\/p>\n\n\n<div class=\"em em-view-container\" id=\"em-view-1408097162\" data-view=\"list-grouped\">\r\n\t<div class=\"em-list em-events-list em-events-list-grouped\" id=\"em-events-list-grouped-1408097162\">\r\n\t<h4>Freitag, 01.05.2026<\/h4><span style=background-color:#bf4c4c>&nbsp;&nbsp;<\/span> <a href=\"https:\/\/www.pfarregersthof.at\/komm\/termin\/hl-josef-der-arbeiter-3\/\">Hl. Josef der Arbeiter<\/a> <br \/><h4>Donnerstag, 30.04.2026<\/h4>19:45 <a href=https:\/\/www.pfarregersthof.at\/komm\/termin\/kategorie\/gebet-gespraech\/><span style=background-color:#10a0a5;color:#10a0a5>8<\/span><\/a> <a href=\"https:\/\/www.pfarregersthof.at\/komm\/termin\/bibel-entdecken-wie-nehmen-wir-jesus-wahr\/\">Bibel entdecken: wie nehmen wir Jesus wahr?<\/a> (<a href=\"https:\/\/www.pfarregersthof.at\/komm\/ort\/pfarrhaus-besprechungszimmer\/\">Pfarrhaus\/Besprechungszimmer<\/a>)<br \/>18:00 <a href=https:\/\/www.pfarregersthof.at\/komm\/termin\/kategorie\/gottesdienst\/><span style=background-color:#dd9323;color:#dd9323>8<\/span><\/a> <a href=\"https:\/\/www.pfarregersthof.at\/komm\/termin\/auferstehungsgottesdienst-24\/\">Auferstehungsgottesdienst<\/a> (<a href=\"https:\/\/www.pfarregersthof.at\/komm\/ort\/pfarrkirche-gersthof-st-leopold\/\">Pfarrkirche<\/a>)<br \/>17:00 <a href=https:\/\/www.pfarregersthof.at\/komm\/termin\/kategorie\/tagesinfo\/><span style=background-color:#bf4c4c;color:#bf4c4c>8<\/span><\/a> Heute Abend bleibt das B\u00fcro geschlossen (<a href=\"https:\/\/www.pfarregersthof.at\/komm\/ort\/ueberall\/\">Ohne Ort<\/a>)<br \/><span style=background-color:#bf4c4c>&nbsp;&nbsp;<\/span> <a href=\"https:\/\/www.pfarregersthof.at\/komm\/termin\/hl-pius-v-papst-1572-3\/\">Hl. Pius V., Papst (1572)<\/a> <br \/><h4>Mittwoch, 29.04.2026<\/h4>19:00 <a href=https:\/\/www.pfarregersthof.at\/komm\/termin\/kategorie\/aktivitaet\/><span style=background-color:#a8d144;color:#a8d144>8<\/span><\/a> Probe Kantorei W\u00e4hring (<a href=\"https:\/\/www.pfarregersthof.at\/komm\/ort\/gemeindezentrum-der-pfarre-gersthof\/\">Gemeindezentrum<\/a>)<br \/>09:00 <a href=https:\/\/www.pfarregersthof.at\/komm\/termin\/kategorie\/gottesdienst\/><span style=background-color:#dd9323;color:#dd9323>8<\/span><\/a> Gottesdienst von Frauen gestaltet (<a href=\"https:\/\/www.pfarregersthof.at\/komm\/ort\/pfarrkirche-gersthof-st-leopold\/\">Pfarrkirche<\/a>)<br \/>08:25 <a href=https:\/\/www.pfarregersthof.at\/komm\/termin\/kategorie\/gebet-gespraech\/><span style=background-color:#10a0a5;color:#10a0a5>8<\/span><\/a> Rosenkranz (<a href=\"https:\/\/www.pfarregersthof.at\/komm\/ort\/pfarrkirche-gersthof-st-leopold\/\">Pfarrkirche<\/a>)<br \/><span style=background-color:#bf4c4c>&nbsp;&nbsp;<\/span> <a href=\"https:\/\/www.pfarregersthof.at\/komm\/termin\/hl-katharina-von-siena-ordensfrau-kirchenlehrerin-patronin-europas-1380-3\/\">Hl. Katharina von Siena, Ordensfrau, Kirchenlehrerin, Patronin Europas (1380)<\/a> <br \/><h4>Dienstag, 28.04.2026<\/h4>18:00 <a href=https:\/\/www.pfarregersthof.at\/komm\/termin\/kategorie\/gebet-gespraech\/><span style=background-color:#10a0a5;color:#10a0a5>8<\/span><\/a> Rosenkranz (<a href=\"https:\/\/www.pfarregersthof.at\/komm\/ort\/johannes-nepomuk-kapelle-gersthof\/\">Johannes Nepomuk Kapelle<\/a>)<br \/>15:30 <a href=https:\/\/www.pfarregersthof.at\/komm\/termin\/kategorie\/aktivitaet\/><span style=background-color:#a8d144;color:#a8d144>8<\/span><\/a> Pfarrstammtisch (<a href=\"https:\/\/www.pfarregersthof.at\/komm\/ort\/pfarrhaus-besprechungszimmer\/\">Pfarrhaus\/Besprechungszimmer<\/a>)<br \/>09:30 <a href=https:\/\/www.pfarregersthof.at\/komm\/termin\/kategorie\/aktivitaet\/><span style=background-color:#a8d144;color:#a8d144>8<\/span><\/a> Kleinkindertreffen (<a href=\"https:\/\/www.pfarregersthof.at\/komm\/ort\/gemeindezentrum-der-pfarre-gersthof\/\">Gemeindezentrum<\/a>)<br \/><span style=background-color:#bf4c4c>&nbsp;&nbsp;<\/span> <a href=\"https:\/\/www.pfarregersthof.at\/komm\/termin\/hl-ludwig-maria-grignion-de-montfort-priester-1716-2\/\">Hl. Ludwig Maria Grignion de Montfort, Priester (1716)<\/a> <br \/><h4>Montag, 27.04.2026<\/h4><span style=background-color:#bf4c4c>&nbsp;&nbsp;<\/span> <a href=\"https:\/\/www.pfarregersthof.at\/komm\/termin\/hl-petrus-kanisius-ordenspriester-kirchenlehrer-1597-2\/\">Hl. Petrus Kanisius, Ordenspriester, Kirchenlehrer (1597)<\/a> <br \/><h4>Sonntag, 26.04.2026<\/h4>18:00 <a href=https:\/\/www.pfarregersthof.at\/komm\/termin\/kategorie\/gottesdienst\/><span style=background-color:#dd9323;color:#dd9323>8<\/span><\/a> Gemeindegottesdienst am Abend (Pfr.i.R.Norbert) (<a href=\"https:\/\/www.pfarregersthof.at\/komm\/ort\/pfarrkirche-gersthof-st-leopold\/\">Pfarrkirche<\/a>)<br \/>14:00 <a href=https:\/\/www.pfarregersthof.at\/komm\/termin\/kategorie\/taufe\/><span style=background-color:#1e73be;color:#1e73be>8<\/span><\/a> Tauffeier f\u00fcr das Kind Leopold (P.Dominik) (<a href=\"https:\/\/www.pfarregersthof.at\/komm\/ort\/pfarrkirche-gersthof-st-leopold\/\">Pfarrkirche<\/a>)<br \/>12:30 <a href=https:\/\/www.pfarregersthof.at\/komm\/termin\/kategorie\/taufe\/><span style=background-color:#1e73be;color:#1e73be>8<\/span><\/a> Tauffeier f\u00fcr das Kind Emilia (P.Dominik) (<a href=\"https:\/\/www.pfarregersthof.at\/komm\/ort\/pfarrkirche-gersthof-st-leopold\/\">Pfarrkirche<\/a>)<br \/>11:30 <a href=https:\/\/www.pfarregersthof.at\/komm\/termin\/kategorie\/gottesdienst\/><span style=background-color:#dd9323;color:#dd9323>8<\/span><\/a> Gemeindegottesdienst in Alt-Gersthof ( P.Martin) (<a href=\"https:\/\/www.pfarregersthof.at\/komm\/ort\/johannes-nepomuk-kapelle-gersthof\/\">Johannes Nepomuk Kapelle<\/a>)<br \/>10:00 <a href=https:\/\/www.pfarregersthof.at\/komm\/termin\/kategorie\/gottesdienst\/><span style=background-color:#dd9323;color:#dd9323>8<\/span><\/a> Gemeindegottesdienst am Tag als Wort-Gottes-Feier (Ulli Hecht) (<a href=\"https:\/\/www.pfarregersthof.at\/komm\/ort\/pfarrkirche-gersthof-st-leopold\/\">Pfarrkirche<\/a>)<br \/><span style=background-color:#bf4c4c>&nbsp;&nbsp;<\/span> <a href=\"https:\/\/www.pfarregersthof.at\/komm\/termin\/4-sonntag-der-osterzeit-4\/\">4. Sonntag der Osterzeit<\/a> <br \/><h4>Samstag, 25.04.2026<\/h4>18:00 <a href=https:\/\/www.pfarregersthof.at\/komm\/termin\/kategorie\/gottesdienst\/><span style=background-color:#dd9323;color:#dd9323>8<\/span><\/a> Gemeindegottesdienst am Vorabend (P.Martin) (<a href=\"https:\/\/www.pfarregersthof.at\/komm\/ort\/pfarrkirche-gersthof-st-leopold\/\">Pfarrkirche<\/a>)<br \/>14:00 <a href=https:\/\/www.pfarregersthof.at\/komm\/termin\/kategorie\/taufe\/><span style=background-color:#1e73be;color:#1e73be>8<\/span><\/a> Tauffeier f\u00fcr das Kind Eliana ( Pfr.i.R.Norbert) (<a href=\"https:\/\/www.pfarregersthof.at\/komm\/ort\/pfarrkirche-gersthof-st-leopold\/\">Pfarrkirche<\/a>)<br \/>11:00 <a href=https:\/\/www.pfarregersthof.at\/komm\/termin\/kategorie\/taufe\/><span style=background-color:#1e73be;color:#1e73be>8<\/span><\/a> Tauffeier f\u00fcr das Kind Juna ( P.Martin) (<a href=\"https:\/\/www.pfarregersthof.at\/komm\/ort\/johannes-nepomuk-kapelle-gersthof\/\">Johannes Nepomuk Kapelle<\/a>)<br \/><span style=background-color:#bf4c4c>&nbsp;&nbsp;<\/span> <a href=\"https:\/\/www.pfarregersthof.at\/komm\/termin\/hl-markus-evangelist-2\/\">Hl. Markus, Evangelist<\/a> <br \/><h4>Freitag, 24.04.2026<\/h4>17:00 <a href=https:\/\/www.pfarregersthof.at\/komm\/termin\/kategorie\/aktivitaet\/><span style=background-color:#a8d144;color:#a8d144>8<\/span><\/a> Treffpunkt Spaziergang zum Gedankenaustausch zu den Osterimpulsen (<a href=\"https:\/\/www.pfarregersthof.at\/komm\/ort\/vor-der-pfarrkirche\/\">Vor der Pfarrkirche<\/a>)<br \/><div class=\"em-pagination \" data-em-ajax=\"id=1408097162&amp;scope=past&amp;order=DESC&amp;mode=daily\"> <span class=\"page-numbers current\">1<\/span><span class=\"not-current second-half\"> <a class=\"page-numbers\" href=\"\/komm\/wp-json\/wp\/v2\/pages\/7397?pno=2\" title=\"2\">2<\/a>  <a class=\"page-numbers\" href=\"\/komm\/wp-json\/wp\/v2\/pages\/7397?pno=3\" title=\"3\">3<\/a>  <a class=\"page-numbers\" href=\"\/komm\/wp-json\/wp\/v2\/pages\/7397?pno=4\" title=\"4\">4<\/a>  <a class=\"page-numbers\" href=\"\/komm\/wp-json\/wp\/v2\/pages\/7397?pno=5\" title=\"5\">5<\/a>  <a class=\"page-numbers\" href=\"\/komm\/wp-json\/wp\/v2\/pages\/7397?pno=6\" title=\"6\">6<\/a>  <a class=\"page-numbers\" href=\"\/komm\/wp-json\/wp\/v2\/pages\/7397?pno=7\" title=\"7\">7<\/a>  <a class=\"page-numbers\" href=\"\/komm\/wp-json\/wp\/v2\/pages\/7397?pno=8\" title=\"8\">8<\/a>  <a class=\"page-numbers\" href=\"\/komm\/wp-json\/wp\/v2\/pages\/7397?pno=9\" title=\"9\">9<\/a>  <a class=\"page-numbers\" href=\"\/komm\/wp-json\/wp\/v2\/pages\/7397?pno=10\" title=\"10\">10<\/a> <\/span> <a class=\"page-numbers\" href=\"\/komm\/wp-json\/wp\/v2\/pages\/7397?pno=11\" title=\"11\">11<\/a>  <a class=\"page-numbers\" href=\"\/komm\/wp-json\/wp\/v2\/pages\/7397?pno=12\" title=\"12\">12<\/a>  <a class=\"next page-numbers\" href=\"\/komm\/wp-json\/wp\/v2\/pages\/7397?pno=2\" title=\"2\">&gt;<\/a>  <a class=\"next last page-numbers\" href=\"\/komm\/wp-json\/wp\/v2\/pages\/7397?pno=146\" title=\"146\">&gt;&gt;<\/a> <\/div>\t<\/div>\r\n<\/div>\n","protected":false},"excerpt":{"rendered":"<p>Hier sind vergangene Termine zu finden, die j\u00fcngsten stehen oben.Die Liste erstreckt sich \u00fcber mehrerer Seiten, ganz unten links kann man weiterbl\u00e4ttern.[ Weitere \u00dcbersichten: Aktuelle Termine &#8211; Alle geplanten Termine &#8211; Auswahl aller Terminlisten ] Die Termine werden so angezeigt: das Datum des Tages, die Uhrzeit des Beginns. Rechts davon ein farbiger Kasten f\u00fcr die [&hellip;]<\/p>\n","protected":false},"author":2,"featured_media":0,"parent":7389,"menu_order":0,"comment_status":"closed","ping_status":"closed","template":"","meta":{"ngg_post_thumbnail":0,"footnotes":""},"class_list":["post-7397","page","type-page","status-publish"],"publishpress_future_action":{"enabled":false,"date":"2026-05-09 08:35:46","action":"change-status","newStatus":"draft","terms":[],"taxonomy":"category","extraData":[]},"publishpress_future_workflow_manual_trigger":{"enabledWorkflows":[]},"_links":{"self":[{"href":"https:\/\/www.pfarregersthof.at\/komm\/wp-json\/wp\/v2\/pages\/7397","targetHints":{"allow":["GET"]}}],"collection":[{"href":"https:\/\/www.pfarregersthof.at\/komm\/wp-json\/wp\/v2\/pages"}],"about":[{"href":"https:\/\/www.pfarregersthof.at\/komm\/wp-json\/wp\/v2\/types\/page"}],"author":[{"embeddable":true,"href":"https:\/\/www.pfarregersthof.at\/komm\/wp-json\/wp\/v2\/users\/2"}],"replies":[{"embeddable":true,"href":"https:\/\/www.pfarregersthof.at\/komm\/wp-json\/wp\/v2\/comments?post=7397"}],"version-history":[{"count":20,"href":"https:\/\/www.pfarregersthof.at\/komm\/wp-json\/wp\/v2\/pages\/7397\/revisions"}],"predecessor-version":[{"id":16924,"href":"https:\/\/www.pfarregersthof.at\/komm\/wp-json\/wp\/v2\/pages\/7397\/revisions\/16924"}],"up":[{"embeddable":true,"href":"https:\/\/www.pfarregersthof.at\/komm\/wp-json\/wp\/v2\/pages\/7389"}],"wp:attachment":[{"href":"https:\/\/www.pfarregersthof.at\/komm\/wp-json\/wp\/v2\/media?parent=7397"}],"curies":[{"name":"wp","href":"https:\/\/api.w.org\/{rel}","templated":true}]}}